{"id":41543,"date":"2025-05-15T22:17:53","date_gmt":"2025-05-16T01:17:53","guid":{"rendered":"https:\/\/cimedremedios.com.br\/?post_type=remedio&#038;p=41543"},"modified":"2025-07-10T17:01:14","modified_gmt":"2025-07-10T20:01:14","slug":"quetiapina","status":"publish","type":"remedio","link":"https:\/\/cimedremedios.com.br\/en\/remedio\/quetiapina\/","title":{"rendered":"(Portugu\u00eas) Hemifumarato de quetiapina"},"content":{"rendered":"","protected":false},"featured_media":41117,"template":"","meta":[],"categorias_remedio":[54,228],"tag_remedio":[],"acf":{"informacoes":{"esquerda":{"apresentacao":[{"registro_texto":"Registro MS: 1.4381.0271","nome":"30 comprimidos revestidos","dosagem":"25 mg","imagem":41117,"codigo_sap":"103536"}],"icones":"","texto_do_icone":""},"direita":{"conteudo":[{"titulo":"Princ\u00edpio ativo","texto":"Hemifumarato Quetiapina\r\n"},{"titulo":"Indica\u00e7\u00e3o","texto":"Em adultos, hemifumarato de quetiapina \u00e9 indicada para o tratamento da esquizofrenia, como monoterapia ou adjuvante no tratamento dos epis\u00f3dios de mania associados ao transtorno afetivo bipolar, dos epis\u00f3dios de depress\u00e3o associados ao transtorno afetivo bipolar, no tratamento de manuten\u00e7\u00e3o do transtorno afetivo bipolar I (epis\u00f3dios man\u00edaco, misto ou depressivo) em combina\u00e7\u00e3o com os estabilizadores de humor l\u00edtio ou valproato, e como monoterapia no tratamento de manuten\u00e7\u00e3o no transtorno afetivo bipolar (epis\u00f3dios de mania, mistos e depressivos). Em adolescentes (13 a 17 anos), hemifumarato de quetiapina \u00e9 indicada para o tratamento da esquizofrenia. Em crian\u00e7as e adolescentes (10 a 17 anos), hemifumarato de quetiapina \u00e9 indicada como monoterapia ou adjuvante no tratamento dos epis\u00f3dios de mania associados ao transtorno afetivo bipolar.\r\n"},{"titulo":"Refer\u00eancia","texto":"Seroquel \u2013 AstraZeneca"}],"ver_bula":"","ver_bula_link_externo":"https:\/\/storage.googleapis.com\/gc-conteudo-prod\/008\/006\/002\/002\/103536\/103536-B.pdf?ignoreCache=1","sob-prescricao":"sim"}},"informacao_de_porcao_da_tabela_nutricional":"","tabela_nutricional":null,"texto_legal_tabela_nutricional":"","texto_legal":"","sub_categorias":false},"_links":{"self":[{"href":"https:\/\/cimedremedios.com.br\/en\/wp-json\/wp\/v2\/remedio\/41543"}],"collection":[{"href":"https:\/\/cimedremedios.com.br\/en\/wp-json\/wp\/v2\/remedio"}],"about":[{"href":"https:\/\/cimedremedios.com.br\/en\/wp-json\/wp\/v2\/types\/remedio"}],"wp:featuredmedia":[{"embeddable":true,"href":"https:\/\/cimedremedios.com.br\/en\/wp-json\/wp\/v2\/media\/41117"}],"wp:attachment":[{"href":"https:\/\/cimedremedios.com.br\/en\/wp-json\/wp\/v2\/media?parent=41543"}],"wp:term":[{"taxonomy":"categorias_remedio","embeddable":true,"href":"https:\/\/cimedremedios.com.br\/en\/wp-json\/wp\/v2\/categorias_remedio?post=41543"},{"taxonomy":"tag_remedio","embeddable":true,"href":"https:\/\/cimedremedios.com.br\/en\/wp-json\/wp\/v2\/tag_remedio?post=41543"}],"curies":[{"name":"wp","href":"https:\/\/api.w.org\/{rel}","templated":true}]}}